{"id":11,"date":"2025-05-04T18:38:40","date_gmt":"2025-05-04T18:38:40","guid":{"rendered":"https:\/\/mvknunningen.ch\/?page_id=11"},"modified":"2025-09-23T17:43:14","modified_gmt":"2025-09-23T15:43:14","slug":"verein","status":"publish","type":"page","link":"https:\/\/mvknunningen.ch\/?page_id=11","title":{"rendered":"Verein"},"content":{"rendered":"\n<div class=\"wp-block-group\"><div class=\"wp-block-group__inner-container is-layout-constrained wp-block-group-is-layout-constrained\">\n<h2 class=\"wp-block-heading\">\u00dcber uns<\/h2>\n\n\n\n<p>Der Musikverein Konkordia Nunningen wurde im Jahre 1885 gegr\u00fcndet. Seit der Gr\u00fcndung ist der Verein fest mit der Nunninger Bev\u00f6lkerung verbunden. Aktivit\u00e4ten im Dorf sind daher ein zentrales Element des Jahresprogramms. So sind die allj\u00e4hrlichen H\u00f6hepunkte in unserem Vereinsjahr: Jahreskonzert, Bezirksmusiktag, Dorfplatzkonzert und Adventskonzert.<\/p>\n\n\n\n<p>Momentan besteht unser Verein aus ca. 30 Musikantinnen und Musikanten aus Nunningen und Umgebung. Die Nachwuchsf\u00f6rderung wird bei uns gross geschrieben. Ein zentrales Element der Jugendf\u00f6rderung ist die Jugendmusik Gilgenberg, welche 1989 gegr\u00fcndet wurde. Die Jugendlichen werden so nachhaltig in den Musikverein integriert.<\/p>\n\n\n\n<p>Unser Repertoire reicht von traditionellen M\u00e4rschen \u00fcber klassische Literatur, Jazz bis zu modernem Pop.<\/p>\n\n\n\n<p>Wir Proben jeweils Dienstags (Freitags Zusatzproben) in der &#171;Z\u00e4hntensch\u00fcr&#187; in Nunningen. Falls Sie Interesse haben bei uns mitzuwirken, dann sind sie jederzeit bei einer unserer Proben herzlich Willkommen.<\/p>\n<\/div><\/div>\n\n\n\n<h2 class=\"wp-block-heading\">Besetzung<\/h2>\n\n\n\n<div class=\"wp-block-group\"><div class=\"wp-block-group__inner-container is-layout-constrained wp-block-group-is-layout-constrained\">\n<div class=\"wp-block-columns is-layout-flex wp-container-core-columns-is-layout-28f84493 wp-block-columns-is-layout-flex\">\n<div class=\"wp-block-column is-layout-flow wp-block-column-is-layout-flow\">\n<h3 class=\"wp-block-heading\">Direktion<\/h3>\n<\/div>\n\n\n\n<div class=\"wp-block-column is-layout-flow wp-block-column-is-layout-flow\">\n<figure class=\"wp-block-image size-full\"><img loading=\"lazy\" decoding=\"async\" width=\"100\" height=\"100\" src=\"https:\/\/mvknunningen.ch\/wp-content\/uploads\/2025\/05\/Taktstock.png\" alt=\"\" class=\"wp-image-80\"\/><\/figure>\n<\/div>\n<\/div>\n\n\n\n<figure class=\"wp-block-table is-style-stripes\"><table class=\"has-fixed-layout\"><tbody><tr><td>Patric Bader<\/td><\/tr><\/tbody><\/table><\/figure>\n<\/div><\/div>\n\n\n\n<div class=\"wp-block-group\"><div class=\"wp-block-group__inner-container is-layout-constrained wp-block-group-is-layout-constrained\">\n<div class=\"wp-block-columns is-layout-flex wp-container-core-columns-is-layout-28f84493 wp-block-columns-is-layout-flex\">\n<div class=\"wp-block-column is-layout-flow wp-block-column-is-layout-flow\">\n<h3 class=\"wp-block-heading\">F\u00e4hnrich<\/h3>\n<\/div>\n\n\n\n<div class=\"wp-block-column is-layout-flow wp-block-column-is-layout-flow\">\n<figure class=\"wp-block-image size-full\"><img loading=\"lazy\" decoding=\"async\" width=\"100\" height=\"100\" src=\"https:\/\/mvknunningen.ch\/wp-content\/uploads\/2025\/05\/Fahne.png\" alt=\"\" class=\"wp-image-76\"\/><\/figure>\n<\/div>\n<\/div>\n\n\n\n<figure class=\"wp-block-table is-style-stripes\"><table class=\"has-fixed-layout\"><tbody><tr><td>Heinz H\u00e4nggi<\/td><\/tr><\/tbody><\/table><\/figure>\n<\/div><\/div>\n\n\n\n<div class=\"wp-block-group\"><div class=\"wp-block-group__inner-container is-layout-constrained wp-block-group-is-layout-constrained\">\n<div class=\"wp-block-columns is-layout-flex wp-container-core-columns-is-layout-28f84493 wp-block-columns-is-layout-flex\">\n<div class=\"wp-block-column is-layout-flow wp-block-column-is-layout-flow\">\n<h3 class=\"wp-block-heading\">Fl\u00f6te<\/h3>\n<\/div>\n\n\n\n<div class=\"wp-block-column is-layout-flow wp-block-column-is-layout-flow\">\n<figure class=\"wp-block-image size-full\"><img loading=\"lazy\" decoding=\"async\" width=\"100\" height=\"100\" src=\"https:\/\/mvknunningen.ch\/wp-content\/uploads\/2025\/05\/Floete.png\" alt=\"\" class=\"wp-image-77\"\/><\/figure>\n<\/div>\n<\/div>\n\n\n\n<div class=\"wp-block-columns is-layout-flex wp-container-core-columns-is-layout-28f84493 wp-block-columns-is-layout-flex\">\n<div class=\"wp-block-column is-layout-flow wp-block-column-is-layout-flow\" style=\"flex-basis:100%\">\n<div class=\"wp-block-columns is-layout-flex wp-container-core-columns-is-layout-28f84493 wp-block-columns-is-layout-flex\">\n<div class=\"wp-block-column is-layout-flow wp-block-column-is-layout-flow\" style=\"flex-basis:100%\">\n<figure class=\"wp-block-table is-style-stripes\"><table class=\"has-fixed-layout\"><tbody><tr><td>Denise Emmenegger<\/td><\/tr><tr><td>Franziska Volont\u00e9<\/td><\/tr><tr><td>Katrin Stampfler<\/td><\/tr><tr><td>Sara H\u00e4nggi<\/td><\/tr><\/tbody><\/table><\/figure>\n<\/div>\n<\/div>\n<\/div>\n<\/div>\n<\/div><\/div>\n\n\n\n<div class=\"wp-block-group\"><div class=\"wp-block-group__inner-container is-layout-constrained wp-block-group-is-layout-constrained\">\n<div class=\"wp-block-columns is-layout-flex wp-container-core-columns-is-layout-28f84493 wp-block-columns-is-layout-flex\">\n<div class=\"wp-block-column is-layout-flow wp-block-column-is-layout-flow\">\n<h3 class=\"wp-block-heading\">Klarinette<\/h3>\n<\/div>\n\n\n\n<div class=\"wp-block-column is-layout-flow wp-block-column-is-layout-flow\">\n<figure class=\"wp-block-image size-full\"><img loading=\"lazy\" decoding=\"async\" width=\"100\" height=\"100\" src=\"https:\/\/mvknunningen.ch\/wp-content\/uploads\/2025\/05\/Klarinette.png\" alt=\"\" class=\"wp-image-78\"\/><\/figure>\n<\/div>\n<\/div>\n\n\n\n<figure class=\"wp-block-table is-style-stripes\"><table class=\"has-fixed-layout\"><tbody><tr><td>Karin Gasser<\/td><\/tr><tr><td>Katja Gasser<\/td><\/tr><tr><td>Michael Fischer<\/td><\/tr><tr><td>Petra Gasser<\/td><\/tr><tr><td>Sandra Blaser<\/td><\/tr><tr><td><\/td><\/tr><\/tbody><\/table><\/figure>\n<\/div><\/div>\n\n\n\n<div class=\"wp-block-group\"><div class=\"wp-block-group__inner-container is-layout-constrained wp-block-group-is-layout-constrained\">\n<div class=\"wp-block-columns is-layout-flex wp-container-core-columns-is-layout-28f84493 wp-block-columns-is-layout-flex\">\n<div class=\"wp-block-column is-layout-flow wp-block-column-is-layout-flow\">\n<h3 class=\"wp-block-heading\">Bassklarinette<\/h3>\n<\/div>\n\n\n\n<div class=\"wp-block-column is-layout-flow wp-block-column-is-layout-flow\">\n<figure class=\"wp-block-image size-full\"><img loading=\"lazy\" decoding=\"async\" width=\"100\" height=\"100\" src=\"https:\/\/mvknunningen.ch\/wp-content\/uploads\/2025\/05\/Bassklarinette.png\" alt=\"\" class=\"wp-image-73\"\/><\/figure>\n<\/div>\n<\/div>\n\n\n\n<figure class=\"wp-block-table is-style-stripes\"><table class=\"has-fixed-layout\"><tbody><tr><td>K\u00e4thi Grolimund<\/td><\/tr><\/tbody><\/table><\/figure>\n<\/div><\/div>\n\n\n\n<div class=\"wp-block-group\"><div class=\"wp-block-group__inner-container is-layout-constrained wp-block-group-is-layout-constrained\">\n<div class=\"wp-block-columns is-layout-flex wp-container-core-columns-is-layout-28f84493 wp-block-columns-is-layout-flex\">\n<div class=\"wp-block-column is-layout-flow wp-block-column-is-layout-flow\">\n<h3 class=\"wp-block-heading\">Alto Saxophon<\/h3>\n<\/div>\n\n\n\n<div class=\"wp-block-column is-layout-flow wp-block-column-is-layout-flow\">\n<figure class=\"wp-block-image size-full\"><img loading=\"lazy\" decoding=\"async\" width=\"100\" height=\"100\" src=\"https:\/\/mvknunningen.ch\/wp-content\/uploads\/2025\/05\/Alto_Sax.png\" alt=\"\" class=\"wp-image-71\"\/><\/figure>\n<\/div>\n<\/div>\n\n\n\n<figure class=\"wp-block-table is-style-stripes\"><table class=\"has-fixed-layout\"><tbody><tr><td>Sabine Gasser<\/td><\/tr><tr><td>Sarina Zeugin<\/td><\/tr><\/tbody><\/table><\/figure>\n<\/div><\/div>\n\n\n\n<div class=\"wp-block-group\"><div class=\"wp-block-group__inner-container is-layout-constrained wp-block-group-is-layout-constrained\">\n<div class=\"wp-block-columns is-layout-flex wp-container-core-columns-is-layout-28f84493 wp-block-columns-is-layout-flex\">\n<div class=\"wp-block-column is-layout-flow wp-block-column-is-layout-flow\">\n<h3 class=\"wp-block-heading\">Tenor Saxophon<\/h3>\n<\/div>\n\n\n\n<div class=\"wp-block-column is-layout-flow wp-block-column-is-layout-flow\">\n<figure class=\"wp-block-image size-full\"><img loading=\"lazy\" decoding=\"async\" width=\"100\" height=\"100\" src=\"https:\/\/mvknunningen.ch\/wp-content\/uploads\/2025\/05\/Tenor_Sax.png\" alt=\"\" class=\"wp-image-81\"\/><\/figure>\n<\/div>\n<\/div>\n\n\n\n<figure class=\"wp-block-table is-style-stripes\"><table class=\"has-fixed-layout\"><tbody><tr><td>Alice H\u00e4nggi<\/td><\/tr><\/tbody><\/table><\/figure>\n<\/div><\/div>\n\n\n\n<div class=\"wp-block-group\"><div class=\"wp-block-group__inner-container is-layout-constrained wp-block-group-is-layout-constrained\">\n<div class=\"wp-block-columns is-layout-flex wp-container-core-columns-is-layout-28f84493 wp-block-columns-is-layout-flex\">\n<div class=\"wp-block-column is-layout-flow wp-block-column-is-layout-flow\">\n<h3 class=\"wp-block-heading\">Bariton Saxophon<\/h3>\n<\/div>\n\n\n\n<div class=\"wp-block-column is-layout-flow wp-block-column-is-layout-flow\">\n<figure class=\"wp-block-image size-full\"><img loading=\"lazy\" decoding=\"async\" width=\"100\" height=\"100\" src=\"https:\/\/mvknunningen.ch\/wp-content\/uploads\/2025\/05\/Bari_Sax.png\" alt=\"\" class=\"wp-image-72\"\/><\/figure>\n<\/div>\n<\/div>\n\n\n\n<figure class=\"wp-block-table is-style-stripes\"><table class=\"has-fixed-layout\"><tbody><tr><td>Manfred Gasser<\/td><\/tr><\/tbody><\/table><\/figure>\n<\/div><\/div>\n\n\n\n<div class=\"wp-block-group\"><div class=\"wp-block-group__inner-container is-layout-constrained wp-block-group-is-layout-constrained\">\n<div class=\"wp-block-columns is-layout-flex wp-container-core-columns-is-layout-28f84493 wp-block-columns-is-layout-flex\">\n<div class=\"wp-block-column is-layout-flow wp-block-column-is-layout-flow\">\n<h3 class=\"wp-block-heading\">Trompete<\/h3>\n<\/div>\n\n\n\n<div class=\"wp-block-column is-layout-flow wp-block-column-is-layout-flow\">\n<figure class=\"wp-block-image size-full\"><img loading=\"lazy\" decoding=\"async\" width=\"100\" height=\"100\" src=\"https:\/\/mvknunningen.ch\/wp-content\/uploads\/2025\/05\/Trompete.png\" alt=\"\" class=\"wp-image-82\"\/><\/figure>\n<\/div>\n<\/div>\n\n\n\n<figure class=\"wp-block-table is-style-stripes\"><table class=\"has-fixed-layout\"><tbody><tr><td>Andreas Grolimund<\/td><\/tr><tr><td>Andreas H\u00e4nggi<\/td><\/tr><tr><td>Anton H\u00e4nggi<\/td><\/tr><tr><td>Bruno Altermatt<\/td><\/tr><tr><td>Florian Ganz<\/td><\/tr><tr><td>Matthias Altermatt<\/td><\/tr><tr><td>Nadine Walter<\/td><\/tr><tr><td>Nadja Emmenegger<\/td><\/tr><\/tbody><\/table><\/figure>\n<\/div><\/div>\n\n\n\n<div class=\"wp-block-group\"><div class=\"wp-block-group__inner-container is-layout-constrained wp-block-group-is-layout-constrained\">\n<div class=\"wp-block-columns is-layout-flex wp-container-core-columns-is-layout-28f84493 wp-block-columns-is-layout-flex\">\n<div class=\"wp-block-column is-layout-flow wp-block-column-is-layout-flow\">\n<h3 class=\"wp-block-heading\">Waldhorn<\/h3>\n<\/div>\n\n\n\n<div class=\"wp-block-column is-layout-flow wp-block-column-is-layout-flow\">\n<figure class=\"wp-block-image size-full\"><img loading=\"lazy\" decoding=\"async\" width=\"100\" height=\"100\" src=\"https:\/\/mvknunningen.ch\/wp-content\/uploads\/2025\/05\/Waldhorn.png\" alt=\"\" class=\"wp-image-84\"\/><\/figure>\n<\/div>\n<\/div>\n\n\n\n<figure class=\"wp-block-table is-style-stripes\"><table class=\"has-fixed-layout\"><tbody><tr><td>Susanne Ganz<\/td><\/tr><\/tbody><\/table><\/figure>\n<\/div><\/div>\n\n\n\n<div class=\"wp-block-group\"><div class=\"wp-block-group__inner-container is-layout-constrained wp-block-group-is-layout-constrained\">\n<div class=\"wp-block-columns is-layout-flex wp-container-core-columns-is-layout-28f84493 wp-block-columns-is-layout-flex\">\n<div class=\"wp-block-column is-layout-flow wp-block-column-is-layout-flow\">\n<h3 class=\"wp-block-heading\">Euphonium<\/h3>\n<\/div>\n\n\n\n<div class=\"wp-block-column is-layout-flow wp-block-column-is-layout-flow\">\n<figure class=\"wp-block-image size-full\"><img loading=\"lazy\" decoding=\"async\" width=\"100\" height=\"100\" src=\"https:\/\/mvknunningen.ch\/wp-content\/uploads\/2025\/05\/Euphonium.png\" alt=\"\" class=\"wp-image-75\"\/><\/figure>\n<\/div>\n<\/div>\n\n\n\n<figure class=\"wp-block-table is-style-stripes\"><table class=\"has-fixed-layout\"><tbody><tr><td>Greti Altermatt<\/td><\/tr><\/tbody><\/table><\/figure>\n<\/div><\/div>\n\n\n\n<div class=\"wp-block-group\"><div class=\"wp-block-group__inner-container is-layout-constrained wp-block-group-is-layout-constrained\">\n<div class=\"wp-block-columns is-layout-flex wp-container-core-columns-is-layout-28f84493 wp-block-columns-is-layout-flex\">\n<div class=\"wp-block-column is-layout-flow wp-block-column-is-layout-flow\">\n<h3 class=\"wp-block-heading\">Posaune<\/h3>\n<\/div>\n\n\n\n<div class=\"wp-block-column is-layout-flow wp-block-column-is-layout-flow\">\n<figure class=\"wp-block-image size-full\"><img loading=\"lazy\" decoding=\"async\" width=\"100\" height=\"100\" src=\"https:\/\/mvknunningen.ch\/wp-content\/uploads\/2025\/05\/Posaune.png\" alt=\"\" class=\"wp-image-79\"\/><\/figure>\n<\/div>\n<\/div>\n\n\n\n<figure class=\"wp-block-table is-style-stripes\"><table class=\"has-fixed-layout\"><tbody><tr><td>Nicolas Bader<\/td><\/tr><tr><td>No\u00e9 Wenger<\/td><\/tr><\/tbody><\/table><\/figure>\n<\/div><\/div>\n\n\n\n<div class=\"wp-block-group\"><div class=\"wp-block-group__inner-container is-layout-constrained wp-block-group-is-layout-constrained\">\n<div class=\"wp-block-columns is-layout-flex wp-container-core-columns-is-layout-28f84493 wp-block-columns-is-layout-flex\">\n<div class=\"wp-block-column is-layout-flow wp-block-column-is-layout-flow\">\n<h3 class=\"wp-block-heading\">Bass<\/h3>\n<\/div>\n\n\n\n<div class=\"wp-block-column is-layout-flow wp-block-column-is-layout-flow\">\n<figure class=\"wp-block-image size-full\"><img loading=\"lazy\" decoding=\"async\" width=\"100\" height=\"100\" src=\"https:\/\/mvknunningen.ch\/wp-content\/uploads\/2025\/05\/Euphonium.png\" alt=\"\" class=\"wp-image-75\"\/><\/figure>\n<\/div>\n<\/div>\n\n\n\n<figure class=\"wp-block-table is-style-stripes\"><table class=\"has-fixed-layout\"><tbody><tr><td>Leider derzeit nicht besetzt<\/td><\/tr><\/tbody><\/table><\/figure>\n<\/div><\/div>\n\n\n\n<div class=\"wp-block-group\"><div class=\"wp-block-group__inner-container is-layout-constrained wp-block-group-is-layout-constrained\">\n<div class=\"wp-block-columns is-layout-flex wp-container-core-columns-is-layout-28f84493 wp-block-columns-is-layout-flex\">\n<div class=\"wp-block-column is-layout-flow wp-block-column-is-layout-flow\">\n<h3 class=\"wp-block-heading\">Schlagzeug<\/h3>\n<\/div>\n\n\n\n<div class=\"wp-block-column is-layout-flow wp-block-column-is-layout-flow\">\n<figure class=\"wp-block-image size-full\"><img loading=\"lazy\" decoding=\"async\" width=\"100\" height=\"100\" src=\"https:\/\/mvknunningen.ch\/wp-content\/uploads\/2025\/05\/Drum.png\" alt=\"\" class=\"wp-image-74\"\/><\/figure>\n<\/div>\n<\/div>\n\n\n\n<figure class=\"wp-block-table is-style-stripes\"><table class=\"has-fixed-layout\"><tbody><tr><td>Philippe Altermatt (pausierend)<\/td><\/tr><\/tbody><\/table><\/figure>\n<\/div><\/div>\n\n\n\n<div class=\"wp-block-group\"><div class=\"wp-block-group__inner-container is-layout-constrained wp-block-group-is-layout-constrained\">\n<h2 class=\"wp-block-heading\">Chronik<\/h2>\n\n\n\n<div class=\"wp-block-group\"><div class=\"wp-block-group__inner-container is-layout-constrained wp-block-group-is-layout-constrained\">\n<h2 class=\"wp-block-heading\">Jugendmusik<\/h2>\n\n\n\n<p>Die Jugendmusik Gilgenberg wurde 1989 vom Musikverein Konkordia Nunningen ins Leben gerufen. Ziel ist es, den Jugendlichen Freude an der Blasmusik zu vermitteln und sie als Nachwuchs f\u00fcr den Verein zu gewinnen. In der Jugendmusik spielen Jugendliche aus Nunningen und Zullwil. Der Name Gilgenberg ist auch der Name der Ruine, die zwischen Nunningen und Zullwil steht. Sie spielt regelm\u00e4ssig am Jahreskonzert des Musikvereins mit und hat Gastauftritte bei Firmenanl\u00e4ssen, Jahreskonzerten anderer Vereine, im Altersheim usw. Die JUMU stellt sich wenn m\u00f6glich einmal im Jahr Experten. Auch haben wir schon etliche Musiklager, zusammen mit interessierten Jugendlichen aus der Region durchgef\u00fchrt. Das Lager mit dem anschliessenden Schlusskonzert ist immer wieder ein absoluter H\u00f6hepunkt f\u00fcr Teilnehmer, Leiter, Eltern und Zuh\u00f6rer.<\/p>\n\n\n\n<p>Die Jugendmusik Gilgenberg besteht zur Zeit aus zu wenigen Mitgliedern. Sie probt normalerweise einmal pro Woche am Dienstag 18.45 Uhr bis 19.45 Uhr, im Moment sind die Proben sistiert. <\/p>\n<\/div><\/div>\n\n\n\n<div class=\"wp-block-group\"><div class=\"wp-block-group__inner-container is-layout-constrained wp-block-group-is-layout-constrained\">\n<h3 class=\"wp-block-heading\">Dirigenten<\/h3>\n\n\n\n<figure class=\"wp-block-table is-style-stripes\"><table class=\"has-fixed-layout\"><tbody><tr><td>1885 &#8211; 1896<\/td><td>Urs Stebler, Lehrer<\/td><\/tr><tr><td>1896<\/td><td>Freudiger<\/td><\/tr><tr><td>1896 &#8211; 1907<\/td><td>Josef Dietler<\/td><\/tr><tr><td>&nbsp;1912-1918<\/td><td>Adolf Fellmann<\/td><\/tr><tr><td>&nbsp;1918-1951<\/td><td>Xaver H\u00e4nggi<\/td><\/tr><tr><td>&nbsp;1951-1962<\/td><td>Eugen Muchenberger<\/td><\/tr><tr><td>&nbsp;1962-1965<\/td><td>Isidor Lombriser<\/td><\/tr><tr><td>&nbsp;1965-1973<\/td><td>Eugen Muchenberger<\/td><\/tr><tr><td>&nbsp;1973-1976<\/td><td>Felix Tschopp<\/td><\/tr><tr><td>&nbsp;1977-1983<\/td><td>Werner Brunner<\/td><\/tr><tr><td>&nbsp;1983-1985<\/td><td>Max Dill<\/td><\/tr><tr><td>&nbsp;1986-1993<\/td><td>Philippe Wagner<\/td><\/tr><tr><td>&nbsp;1993-1994<\/td><td>Manfred Schweizer<\/td><\/tr><tr><td>&nbsp;1994-2000<\/td><td>Heinz Benz<\/td><\/tr><tr><td>&nbsp;2000-2004<\/td><td>Martin Lehmann<\/td><\/tr><tr><td>&nbsp;2004-2008<\/td><td>Amadis Dunkel<\/td><\/tr><tr><td>&nbsp;2008-2014<\/td><td>Markus Leuenberger<\/td><\/tr><tr><td>&nbsp;2014-2022<\/td><td>Isabelle van Rijs<\/td><\/tr><tr><td>2022-2025<\/td><td>Stefan Marti<\/td><\/tr><tr><td>2025-<\/td><td>Patric Bader<\/td><\/tr><\/tbody><\/table><\/figure>\n<\/div><\/div>\n<\/div><\/div>\n\n\n\n<div class=\"wp-block-group\"><div class=\"wp-block-group__inner-container is-layout-constrained wp-block-group-is-layout-constrained\">\n<h3 class=\"wp-block-heading\">Pr\u00e4sidenten<\/h3>\n\n\n\n<figure class=\"wp-block-table is-style-stripes\"><table class=\"has-fixed-layout\"><tbody><tr><td class=\"has-text-align-left\" data-align=\"left\">&nbsp;1885<\/td><td>L. Reinhard, Lehrer<\/td><\/tr><tr><td class=\"has-text-align-left\" data-align=\"left\">&nbsp;1886<\/td><td>Xaver H\u00e4nggi, Johs<\/td><\/tr><tr><td class=\"has-text-align-left\" data-align=\"left\">&nbsp;1896<\/td><td>Arnold H\u00e4nggi<\/td><\/tr><tr><td class=\"has-text-align-left\" data-align=\"left\">&nbsp;1896<\/td><td>Xaver H\u00e4nggi, Z\u00e4chelfranzen<\/td><\/tr><tr><td class=\"has-text-align-left\" data-align=\"left\">&nbsp;1896<\/td><td>Joseph H\u00e4nggi<\/td><\/tr><tr><td class=\"has-text-align-left\" data-align=\"left\">&nbsp;1901-1903<\/td><td>Leo H\u00e4nggi<\/td><\/tr><tr><td class=\"has-text-align-left\" data-align=\"left\">&nbsp;1903-1906<\/td><td>Joseph H\u00e4nggi<\/td><\/tr><tr><td class=\"has-text-align-left\" data-align=\"left\">&nbsp;1906<\/td><td>Leo H\u00e4nggi<\/td><\/tr><tr><td class=\"has-text-align-left\" data-align=\"left\">&nbsp;1913-1915<\/td><td>Jos. H\u00e4nggi, Xavers<\/td><\/tr><tr><td class=\"has-text-align-left\" data-align=\"left\">&nbsp;1915-1920<\/td><td>Wilhelm Gasser, Schmied<\/td><\/tr><tr><td class=\"has-text-align-left\" data-align=\"left\">&nbsp;1920-1922<\/td><td>Wilhelm H\u00e4nggi, Josefs.<\/td><\/tr><tr><td class=\"has-text-align-left\" data-align=\"left\">&nbsp;1922-1929<\/td><td>Adolf H\u00e4ner<\/td><\/tr><tr><td class=\"has-text-align-left\" data-align=\"left\">&nbsp;1929-1932<\/td><td>Alfred Altermatt<\/td><\/tr><tr><td class=\"has-text-align-left\" data-align=\"left\">&nbsp;1932-1936<\/td><td>Lorenz H\u00e4nggi<\/td><\/tr><tr><td class=\"has-text-align-left\" data-align=\"left\">&nbsp;1936-1942<\/td><td>Adolf H\u00e4ner<\/td><\/tr><tr><td class=\"has-text-align-left\" data-align=\"left\">&nbsp;1944-1952<\/td><td>Willy Stebler<\/td><\/tr><tr><td class=\"has-text-align-left\" data-align=\"left\">&nbsp;1952-1953<\/td><td>Alfred Altermatt<\/td><\/tr><tr><td class=\"has-text-align-left\" data-align=\"left\">&nbsp;1953-1960<\/td><td>Adelbert Stebler<\/td><\/tr><tr><td class=\"has-text-align-left\" data-align=\"left\">&nbsp;1960-1962<\/td><td>Walter Gasser<\/td><\/tr><tr><td class=\"has-text-align-left\" data-align=\"left\">&nbsp;1962-1965<\/td><td>Werner Lais<\/td><\/tr><tr><td class=\"has-text-align-left\" data-align=\"left\">&nbsp;1965-1968<\/td><td>Franz Stebler<\/td><\/tr><tr><td class=\"has-text-align-left\" data-align=\"left\">&nbsp;1968-1971<\/td><td>Franz Dietler<\/td><\/tr><tr><td class=\"has-text-align-left\" data-align=\"left\">&nbsp;1971-1974<\/td><td>Alfons Altermatt<\/td><\/tr><tr><td class=\"has-text-align-left\" data-align=\"left\">&nbsp;1974-1985<\/td><td>Erhard Stebler<\/td><\/tr><tr><td class=\"has-text-align-left\" data-align=\"left\">&nbsp;1985-<\/td><td>Erhard Fellmann<\/td><\/tr><tr><td class=\"has-text-align-left\" data-align=\"left\">&nbsp;-2010<\/td><td>Bruno Altermatt<\/td><\/tr><tr><td class=\"has-text-align-left\" data-align=\"left\">&nbsp;2010-2020<\/td><td>Thomas Gasser<\/td><\/tr><tr><td class=\"has-text-align-left\" data-align=\"left\">  2020-2022<\/td><td>Bruno Altermatt<\/td><\/tr><tr><td class=\"has-text-align-left\" data-align=\"left\">  2022-<\/td><td>Manfred Gasser<\/td><\/tr><\/tbody><\/table><\/figure>\n<\/div><\/div>\n\n\n\n<div class=\"wp-block-group\"><div class=\"wp-block-group__inner-container is-layout-constrained wp-block-group-is-layout-constrained\">\n<h2 class=\"wp-block-heading\">Geschichte<\/h2>\n\n\n\n<p>Musikverein Konkordia Nunningen . . . seit \u00fcber 100 Jahren!<\/p>\n\n\n\n<p>Bereits 1885 gr\u00fcndeten 35 M\u00e4nner die &#171;Musikgesellschaft Harmonie&#187;. Dank einer Spende von 800 Franken von Lehrer Urs Stebler, der auch als erster Direktor (Dirigent) amtete, konnten die n\u00f6tigen Instrumente angeschafft werden. Mit einem &#171;Ausmarsch&#187; nach Himmelried pr\u00e4sentierte sich der Verein zwei Jahre sp\u00e4ter erstmals ausserhalb der Gemeindegrenzen.<\/p>\n\n\n\n<figure class=\"wp-block-image size-full\"><img loading=\"lazy\" decoding=\"async\" width=\"300\" height=\"215\" src=\"https:\/\/mvknunningen.ch\/wp-content\/uploads\/2025\/05\/Geschichte_1.jpg\" alt=\"\" class=\"wp-image-55\"\/><\/figure>\n\n\n\n<p>In den kommenden Jahren scheint die Vereinst\u00e4tigkeit beinahe eingeschlafen zu sein, so dass am 12. Februar 1894 eine zweite Gr\u00fcndung unter dem Namen &#171;Musikgesellschaft Nunningen&#187; stattfand. Aber schon nach wenigen Monaten wurde auch dieser Verein aufgel\u00f6st, die Instrumente wurden verkauft. Am 14. Dezember 1896 gab es aber wieder neue Statuten; jetzt hiess der Verein &#171;Concordia&#187;. Ein wichtiges Ereignis in der noch jungen Vereinsgeschichte war die Weihe der ersten Vereinsfahne am 15. Mai 1898. Aber auch das gemeinsame Banner konnte nicht verhindern, dass der Verein permanent an schlechtem Probenbesuch und mangelnder Disziplin litt, so dass Strafen f\u00fcr Versp\u00e4tungen und Raufereien n\u00f6tig wurden. Trotzdem nahm die Konkordia 1902 in B\u00fcsserach zusammen mit sieben anderen Musikvereinen erstmals an einem Musiktag teil.<\/p>\n\n\n\n<p>Bald machte sich der Erste Weltkrieg bemerkbar, hiess es doch im Protokoll: &#171;Monatsbeitr\u00e4ge nach dem Juli 1914 werden geschenkt, bis wieder andere Zeiten kommen.&#187; Die alten Instrumente wurden verkauft, &#171;weil das Messing so teuer ist&#187;.<\/p>\n\n\n\n<figure class=\"wp-block-image size-full\"><img loading=\"lazy\" decoding=\"async\" width=\"300\" height=\"191\" src=\"https:\/\/mvknunningen.ch\/wp-content\/uploads\/2025\/05\/Geschichte_2.jpg\" alt=\"\" class=\"wp-image-56\"\/><\/figure>\n\n\n\n<p>Mit dem Wettst\u00fcck &#171;K\u00f6nigin f\u00fcr einen Tag&#187; liess sich die Konkordia 1924 erstmals am interkantonalen Musikfest in Laufen bewerten und erlangte in der 2. Kategorie den ersten Preis. Drei Jahre sp\u00e4ter kaufte der Verein 25 gebrauchte Uniformen \u00e0 65 Fr. Noch im selben Sommer wurden sie im Rahmen eines Gartenfestes mit grosser Begeisterung eingeweiht. Weniger begeistert war man von der Note am Kantonalen Musikfest in Dornach, an dem der Verein 1934 teilnahm, &#171;weil 1-2 Glas Wein nicht dazu beitrugen, einen besseren Ansatz zu haben&#187;. Sicherlich fehlte der Wein auch nicht, als am 8. August 1937 eine neue Vereinsfahne geweiht und gleichzeitig das 50-j\u00e4hrige Bestehen gefeiert wurden.<\/p>\n\n\n\n<p>Bezeichnend f\u00fcr die folgenden Kriegsjahre ist der pr\u00e4gnante Jahresbericht von 1944: &#171;Kei H\u00f6rnli het g&#8217;hornet, kei Trompete hett g&#8217;schr\u00e4nzt; derf\u00fcr hei mer g&#8217;wachet, und dr Gwehrlauf hett gl\u00e4nzt.&#187; Mit dem Waffenstillstand von 1945 kam der Vereinsbetrieb wieder in Schwung. Der Einsatz an Festanl\u00e4ssen, am Muttertag, an Fronleichnam, bei Vereinsempf\u00e4ngen, am St. Wendolinstag, an goldenen Hochzeiten und anderen Begebenheiten wurde zur Ehrensache und half , die jeweiligen Feste zu versch\u00f6nern &#8211; so, wie das heute noch der Fall ist.<\/p>\n\n\n\n<figure class=\"wp-block-image size-full\"><img loading=\"lazy\" decoding=\"async\" width=\"300\" height=\"212\" src=\"https:\/\/mvknunningen.ch\/wp-content\/uploads\/2025\/05\/Geschichte_3.jpg\" alt=\"\" class=\"wp-image-57\"\/><\/figure>\n\n\n\n<p>Am 4. Juli 1948 hielt der Musikverein in der Gass unter freiem Himmel den Thiersteiner Musiktag ab. Nach einer erfolgreichen Neuuniformierung wagten die Musikanten 1953 sogar die Teilnahme am &#171;Eidgen\u00f6ssischen&#187; in Freiburg und erreichten die Note &#171;gut bis sehr gut&#187; und einen Lorbeerkranz mit Diplom. Noch besser vermochten die Vortr\u00e4ge am &#171;Eidgen\u00f6ssischen&#187; 1957 in Z\u00fcrich zu gefallen, brachten sie doch ein &#171;Vorz\u00fcglich&#187; und den begehrten Goldlorbeerkranz.<\/p>\n\n\n\n<p>F\u00fcr Schlagzeilen sorgten auch die beinahe legend\u00e4ren Musikreisen, z. B. nach R\u00fcdesheim (1963) oder Nizza (1967). Die Teilnahme am Umzug des dortigen &#171;Blumencorso&#187; erforderte insgesamt 23 Darbietungen und blieb ein unvergessliches Erlebnis. Weitere H\u00f6hepunkte in der Vereinsgeschichte stellten die Uniformenweihe im Jahr 1973 und Teilnahme am &#171;Eidgen\u00f6ssischen&#187; in Biel (1976) dar.<\/p>\n\n\n\n<p>Im Jahr 1987 feierte die Konkordia ihr 100-j\u00e4hriges Bestehen: Ein grossartiger Unterhaltungsabend im Februar und die eindr\u00fcckliche Fahnenweihe im August erforderten einen hohen Einsatz. Gleichzeitig f\u00fchrte der Verein die kantonale Veteranentagung im Festzelt auf der Lebern durch.<\/p>\n\n\n\n<p>Auch der Nachwuchs wurde wieder mehr gef\u00f6rdert, kam es doch 1989 auf Initiative des damaligen Dirigenten zur Gr\u00fcndung der Jugendmusik Gilgenberg, in der junge Talente aus Nunningen, Zullwil, Fehren und Himmelried zusammen musizieren.<\/p>\n\n\n\n<p>Im Juni 1992 fand der Thiersteiner Bezirksmusiktag einmal mehr in Nunningen statt, zum ersten Mal ohne zus\u00e4tzliche Festhalle, was auch dank des guten Wetters ein voller Erfolg wurde. Miserabel meinte es Petrus dagegen beim Fernsehauftritt vom 11. August 1994, wo Musikantinnen und Musikanten zu einer kalten Dusche kamen.<\/p>\n\n\n\n<p>A propos -innen: Nachdem in den 60er Jahren die ersten Frauen in den Verein aufgenommen wurden, hat sich ihr Anteil bis heute laufend gesteigert; von den rund 50 Aktiven sind 22 weiblich. Ein Grund f\u00fcr das erfreuliche Engagement der Frauen d\u00fcrfte darin liegen, dass das Korps nach wie vor in Harmoniebesetzung spielt. Auch bei der Dorfbev\u00f6lkerung st\u00f6sst die eingeschlagene Musikrichtung auf viel Interesse, wie es bei der Neuuniformierung im M\u00e4rz 1997 besonders stark zum Ausdruck kam.<\/p>\n\n\n\n<p>Heute pr\u00e4sentiert sich der Verein in ausgezeichneter Verfassung und musiziert auf einem beachtlichen Niveau, was die allj\u00e4hrlichen Kirchen- und Unterhaltungskonzerte, aber auch die zahlreichen anderen Anl\u00e4sse beweisen.<\/p>\n\n\n\n<p>20.10.97 GA<\/p>\n<\/div><\/div>\n","protected":false},"excerpt":{"rendered":"<p>\u00dcber uns Der Musikverein Konkordia Nunningen wurde im Jahre 1885 gegr\u00fcndet. Seit der Gr\u00fcndung ist der Verein fest mit der Nunninger Bev\u00f6lkerung verbunden. Aktivit\u00e4ten im Dorf sind daher ein zentrales Element des Jahresprogramms. So sind die allj\u00e4hrlichen H\u00f6hepunkte in unserem Vereinsjahr: Jahreskonzert, Bezirksmusiktag, Dorfplatzkonzert und Adventskonzert. Momentan besteht unser Verein aus ca. 30 Musikantinnen und<a class=\"more-link\" href=\"https:\/\/mvknunningen.ch\/?page_id=11\">Continue reading <span class=\"screen-reader-text\">&#171;Verein&#187;<\/span><\/a><\/p>\n","protected":false},"author":1,"featured_media":0,"parent":0,"menu_order":0,"comment_status":"closed","ping_status":"closed","template":"","meta":{"footnotes":""},"class_list":["post-11","page","type-page","status-publish","hentry","entry"],"yoast_head":"<!-- This site is optimized with the Yoast SEO plugin v27.4 - https:\/\/yoast.com\/product\/yoast-seo-wordpress\/ -->\n<title>Verein - MVK Nunningen<\/title>\n<meta name=\"robots\" content=\"index, follow, max-snippet:-1, max-image-preview:large, max-video-preview:-1\" \/>\n<link rel=\"canonical\" href=\"https:\/\/mvknunningen.ch\/?page_id=11\" \/>\n<meta property=\"og:locale\" content=\"de_DE\" \/>\n<meta property=\"og:type\" content=\"article\" \/>\n<meta property=\"og:title\" content=\"Verein - MVK Nunningen\" \/>\n<meta property=\"og:description\" content=\"\u00dcber uns Der Musikverein Konkordia Nunningen wurde im Jahre 1885 gegr\u00fcndet. Seit der Gr\u00fcndung ist der Verein fest mit der Nunninger Bev\u00f6lkerung verbunden. Aktivit\u00e4ten im Dorf sind daher ein zentrales Element des Jahresprogramms. So sind die allj\u00e4hrlichen H\u00f6hepunkte in unserem Vereinsjahr: Jahreskonzert, Bezirksmusiktag, Dorfplatzkonzert und Adventskonzert. Momentan besteht unser Verein aus ca. 30 Musikantinnen undContinue reading &quot;Verein&quot;\" \/>\n<meta property=\"og:url\" content=\"https:\/\/mvknunningen.ch\/?page_id=11\" \/>\n<meta property=\"og:site_name\" content=\"MVK Nunningen\" \/>\n<meta property=\"article:publisher\" content=\"https:\/\/www.facebook.com\/mvknunningen\" \/>\n<meta property=\"article:modified_time\" content=\"2025-09-23T15:43:14+00:00\" \/>\n<meta property=\"og:image\" content=\"https:\/\/mvknunningen.ch\/wp-content\/uploads\/2025\/05\/Taktstock.png\" \/>\n\t<meta property=\"og:image:width\" content=\"100\" \/>\n\t<meta property=\"og:image:height\" content=\"100\" \/>\n\t<meta property=\"og:image:type\" content=\"image\/png\" \/>\n<meta name=\"twitter:card\" content=\"summary_large_image\" \/>\n<meta name=\"twitter:label1\" content=\"Gesch\u00e4tzte Lesezeit\" \/>\n\t<meta name=\"twitter:data1\" content=\"11\u00a0Minuten\" \/>\n<script type=\"application\/ld+json\" class=\"yoast-schema-graph\">{\"@context\":\"https:\\\/\\\/schema.org\",\"@graph\":[{\"@type\":\"WebPage\",\"@id\":\"https:\\\/\\\/mvknunningen.ch\\\/?page_id=11\",\"url\":\"https:\\\/\\\/mvknunningen.ch\\\/?page_id=11\",\"name\":\"Verein - MVK Nunningen\",\"isPartOf\":{\"@id\":\"https:\\\/\\\/mvknunningen.ch\\\/#website\"},\"primaryImageOfPage\":{\"@id\":\"https:\\\/\\\/mvknunningen.ch\\\/?page_id=11#primaryimage\"},\"image\":{\"@id\":\"https:\\\/\\\/mvknunningen.ch\\\/?page_id=11#primaryimage\"},\"thumbnailUrl\":\"https:\\\/\\\/mvknunningen.ch\\\/wp-content\\\/uploads\\\/2025\\\/05\\\/Taktstock.png\",\"datePublished\":\"2025-05-04T18:38:40+00:00\",\"dateModified\":\"2025-09-23T15:43:14+00:00\",\"breadcrumb\":{\"@id\":\"https:\\\/\\\/mvknunningen.ch\\\/?page_id=11#breadcrumb\"},\"inLanguage\":\"de-CH\",\"potentialAction\":[{\"@type\":\"ReadAction\",\"target\":[\"https:\\\/\\\/mvknunningen.ch\\\/?page_id=11\"]}]},{\"@type\":\"ImageObject\",\"inLanguage\":\"de-CH\",\"@id\":\"https:\\\/\\\/mvknunningen.ch\\\/?page_id=11#primaryimage\",\"url\":\"https:\\\/\\\/mvknunningen.ch\\\/wp-content\\\/uploads\\\/2025\\\/05\\\/Taktstock.png\",\"contentUrl\":\"https:\\\/\\\/mvknunningen.ch\\\/wp-content\\\/uploads\\\/2025\\\/05\\\/Taktstock.png\",\"width\":100,\"height\":100},{\"@type\":\"BreadcrumbList\",\"@id\":\"https:\\\/\\\/mvknunningen.ch\\\/?page_id=11#breadcrumb\",\"itemListElement\":[{\"@type\":\"ListItem\",\"position\":1,\"name\":\"Startseite\",\"item\":\"https:\\\/\\\/mvknunningen.ch\\\/\"},{\"@type\":\"ListItem\",\"position\":2,\"name\":\"Verein\"}]},{\"@type\":\"WebSite\",\"@id\":\"https:\\\/\\\/mvknunningen.ch\\\/#website\",\"url\":\"https:\\\/\\\/mvknunningen.ch\\\/\",\"name\":\"MVK\",\"description\":\"\",\"publisher\":{\"@id\":\"https:\\\/\\\/mvknunningen.ch\\\/#organization\"},\"potentialAction\":[{\"@type\":\"SearchAction\",\"target\":{\"@type\":\"EntryPoint\",\"urlTemplate\":\"https:\\\/\\\/mvknunningen.ch\\\/?s={search_term_string}\"},\"query-input\":{\"@type\":\"PropertyValueSpecification\",\"valueRequired\":true,\"valueName\":\"search_term_string\"}}],\"inLanguage\":\"de-CH\"},{\"@type\":\"Organization\",\"@id\":\"https:\\\/\\\/mvknunningen.ch\\\/#organization\",\"name\":\"Musikverein Konkordia Nunningen\",\"url\":\"https:\\\/\\\/mvknunningen.ch\\\/\",\"logo\":{\"@type\":\"ImageObject\",\"inLanguage\":\"de-CH\",\"@id\":\"https:\\\/\\\/mvknunningen.ch\\\/#\\\/schema\\\/logo\\\/image\\\/\",\"url\":\"https:\\\/\\\/mvknunningen.ch\\\/wp-content\\\/uploads\\\/2025\\\/05\\\/cropped-Logo_MVKN.png\",\"contentUrl\":\"https:\\\/\\\/mvknunningen.ch\\\/wp-content\\\/uploads\\\/2025\\\/05\\\/cropped-Logo_MVKN.png\",\"width\":306,\"height\":80,\"caption\":\"Musikverein Konkordia Nunningen\"},\"image\":{\"@id\":\"https:\\\/\\\/mvknunningen.ch\\\/#\\\/schema\\\/logo\\\/image\\\/\"},\"sameAs\":[\"https:\\\/\\\/www.facebook.com\\\/mvknunningen\"]}]}<\/script>\n<!-- \/ Yoast SEO plugin. -->","yoast_head_json":{"title":"Verein - MVK Nunningen","robots":{"index":"index","follow":"follow","max-snippet":"max-snippet:-1","max-image-preview":"max-image-preview:large","max-video-preview":"max-video-preview:-1"},"canonical":"https:\/\/mvknunningen.ch\/?page_id=11","og_locale":"de_DE","og_type":"article","og_title":"Verein - MVK Nunningen","og_description":"\u00dcber uns Der Musikverein Konkordia Nunningen wurde im Jahre 1885 gegr\u00fcndet. Seit der Gr\u00fcndung ist der Verein fest mit der Nunninger Bev\u00f6lkerung verbunden. Aktivit\u00e4ten im Dorf sind daher ein zentrales Element des Jahresprogramms. So sind die allj\u00e4hrlichen H\u00f6hepunkte in unserem Vereinsjahr: Jahreskonzert, Bezirksmusiktag, Dorfplatzkonzert und Adventskonzert. Momentan besteht unser Verein aus ca. 30 Musikantinnen undContinue reading \"Verein\"","og_url":"https:\/\/mvknunningen.ch\/?page_id=11","og_site_name":"MVK Nunningen","article_publisher":"https:\/\/www.facebook.com\/mvknunningen","article_modified_time":"2025-09-23T15:43:14+00:00","og_image":[{"width":100,"height":100,"url":"https:\/\/mvknunningen.ch\/wp-content\/uploads\/2025\/05\/Taktstock.png","type":"image\/png"}],"twitter_card":"summary_large_image","twitter_misc":{"Gesch\u00e4tzte Lesezeit":"11\u00a0Minuten"},"schema":{"@context":"https:\/\/schema.org","@graph":[{"@type":"WebPage","@id":"https:\/\/mvknunningen.ch\/?page_id=11","url":"https:\/\/mvknunningen.ch\/?page_id=11","name":"Verein - MVK Nunningen","isPartOf":{"@id":"https:\/\/mvknunningen.ch\/#website"},"primaryImageOfPage":{"@id":"https:\/\/mvknunningen.ch\/?page_id=11#primaryimage"},"image":{"@id":"https:\/\/mvknunningen.ch\/?page_id=11#primaryimage"},"thumbnailUrl":"https:\/\/mvknunningen.ch\/wp-content\/uploads\/2025\/05\/Taktstock.png","datePublished":"2025-05-04T18:38:40+00:00","dateModified":"2025-09-23T15:43:14+00:00","breadcrumb":{"@id":"https:\/\/mvknunningen.ch\/?page_id=11#breadcrumb"},"inLanguage":"de-CH","potentialAction":[{"@type":"ReadAction","target":["https:\/\/mvknunningen.ch\/?page_id=11"]}]},{"@type":"ImageObject","inLanguage":"de-CH","@id":"https:\/\/mvknunningen.ch\/?page_id=11#primaryimage","url":"https:\/\/mvknunningen.ch\/wp-content\/uploads\/2025\/05\/Taktstock.png","contentUrl":"https:\/\/mvknunningen.ch\/wp-content\/uploads\/2025\/05\/Taktstock.png","width":100,"height":100},{"@type":"BreadcrumbList","@id":"https:\/\/mvknunningen.ch\/?page_id=11#breadcrumb","itemListElement":[{"@type":"ListItem","position":1,"name":"Startseite","item":"https:\/\/mvknunningen.ch\/"},{"@type":"ListItem","position":2,"name":"Verein"}]},{"@type":"WebSite","@id":"https:\/\/mvknunningen.ch\/#website","url":"https:\/\/mvknunningen.ch\/","name":"MVK","description":"","publisher":{"@id":"https:\/\/mvknunningen.ch\/#organization"},"potentialAction":[{"@type":"SearchAction","target":{"@type":"EntryPoint","urlTemplate":"https:\/\/mvknunningen.ch\/?s={search_term_string}"},"query-input":{"@type":"PropertyValueSpecification","valueRequired":true,"valueName":"search_term_string"}}],"inLanguage":"de-CH"},{"@type":"Organization","@id":"https:\/\/mvknunningen.ch\/#organization","name":"Musikverein Konkordia Nunningen","url":"https:\/\/mvknunningen.ch\/","logo":{"@type":"ImageObject","inLanguage":"de-CH","@id":"https:\/\/mvknunningen.ch\/#\/schema\/logo\/image\/","url":"https:\/\/mvknunningen.ch\/wp-content\/uploads\/2025\/05\/cropped-Logo_MVKN.png","contentUrl":"https:\/\/mvknunningen.ch\/wp-content\/uploads\/2025\/05\/cropped-Logo_MVKN.png","width":306,"height":80,"caption":"Musikverein Konkordia Nunningen"},"image":{"@id":"https:\/\/mvknunningen.ch\/#\/schema\/logo\/image\/"},"sameAs":["https:\/\/www.facebook.com\/mvknunningen"]}]}},"jetpack_sharing_enabled":true,"_links":{"self":[{"href":"https:\/\/mvknunningen.ch\/index.php?rest_route=\/wp\/v2\/pages\/11","targetHints":{"allow":["GET"]}}],"collection":[{"href":"https:\/\/mvknunningen.ch\/index.php?rest_route=\/wp\/v2\/pages"}],"about":[{"href":"https:\/\/mvknunningen.ch\/index.php?rest_route=\/wp\/v2\/types\/page"}],"author":[{"embeddable":true,"href":"https:\/\/mvknunningen.ch\/index.php?rest_route=\/wp\/v2\/users\/1"}],"replies":[{"embeddable":true,"href":"https:\/\/mvknunningen.ch\/index.php?rest_route=%2Fwp%2Fv2%2Fcomments&post=11"}],"version-history":[{"count":29,"href":"https:\/\/mvknunningen.ch\/index.php?rest_route=\/wp\/v2\/pages\/11\/revisions"}],"predecessor-version":[{"id":407,"href":"https:\/\/mvknunningen.ch\/index.php?rest_route=\/wp\/v2\/pages\/11\/revisions\/407"}],"wp:attachment":[{"href":"https:\/\/mvknunningen.ch\/index.php?rest_route=%2Fwp%2Fv2%2Fmedia&parent=11"}],"curies":[{"name":"wp","href":"https:\/\/api.w.org\/{rel}","templated":true}]}}