{"id":21,"date":"2025-05-04T18:42:07","date_gmt":"2025-05-04T18:42:07","guid":{"rendered":"https:\/\/mvknunningen.ch\/?page_id=21"},"modified":"2025-05-04T20:40:00","modified_gmt":"2025-05-04T20:40:00","slug":"startseite","status":"publish","type":"page","link":"https:\/\/mvknunningen.ch\/","title":{"rendered":"Startseite"},"content":{"rendered":"\n<figure class=\"wp-block-image size-large\"><img loading=\"lazy\" decoding=\"async\" width=\"1024\" height=\"431\" src=\"https:\/\/mvknunningen.ch\/wp-content\/uploads\/2025\/05\/Gruppenbild_1_2022-06-12-1024x431.jpg\" alt=\"\" class=\"wp-image-47\" srcset=\"https:\/\/mvknunningen.ch\/wp-content\/uploads\/2025\/05\/Gruppenbild_1_2022-06-12-1024x431.jpg 1024w, https:\/\/mvknunningen.ch\/wp-content\/uploads\/2025\/05\/Gruppenbild_1_2022-06-12-300x126.jpg 300w, https:\/\/mvknunningen.ch\/wp-content\/uploads\/2025\/05\/Gruppenbild_1_2022-06-12-768x323.jpg 768w, https:\/\/mvknunningen.ch\/wp-content\/uploads\/2025\/05\/Gruppenbild_1_2022-06-12-1536x646.jpg 1536w, https:\/\/mvknunningen.ch\/wp-content\/uploads\/2025\/05\/Gruppenbild_1_2022-06-12-1568x660.jpg 1568w, https:\/\/mvknunningen.ch\/wp-content\/uploads\/2025\/05\/Gruppenbild_1_2022-06-12.jpg 1880w\" sizes=\"auto, (max-width: 1024px) 100vw, 1024px\" \/><\/figure>\n\n\n\n<p>Herzlich Willkommen auf der Homepage des Musikverein Konkordia Nunningen.<br>In den verschiedenen Kategorien im Hauptmen\u00fc finden Sie zahlreiche wissenswerte Informationen \u00fcber unseren Verein.<\/p>\n\n\n\n<p>Falls sie mit uns Kontakt aufnehmen wollen, dann finden Sie\u00a0<a href=\"https:\/\/mvknunningen.ch\/?page_id=12\">hier<\/a> die n\u00f6tigen Informationen.<\/p>\n\n\n\n<p>Wir w\u00fcnschen Ihnen viel Vergn\u00fcgen beim surfen und w\u00fcrden uns freuen, Sie bei einem unserer Konzerte begr\u00fcssen zu d\u00fcrfen.<\/p>\n\n\n\n<div class=\"wp-block-query is-layout-flow wp-block-query-is-layout-flow\"><ul class=\"wp-block-post-template is-layout-flow wp-block-post-template-is-layout-flow\"><li class=\"wp-block-post post-431 post type-post status-publish format-standard has-post-thumbnail hentry category-startseite entry\">\n<h2 class=\"wp-block-post-title\">Jahreskonzert 2026<\/h2>\n\n<figure class=\"wp-block-post-featured-image\"><img loading=\"lazy\" decoding=\"async\" width=\"1568\" height=\"2217\" src=\"https:\/\/mvknunningen.ch\/wp-content\/uploads\/2026\/03\/Jahreskonzert-2026-titelblatt-1-1568x2217.jpg\" class=\"attachment-post-thumbnail size-post-thumbnail wp-post-image\" alt=\"\" style=\"object-fit:cover;\" srcset=\"https:\/\/mvknunningen.ch\/wp-content\/uploads\/2026\/03\/Jahreskonzert-2026-titelblatt-1-1568x2217.jpg 1568w, https:\/\/mvknunningen.ch\/wp-content\/uploads\/2026\/03\/Jahreskonzert-2026-titelblatt-1-212x300.jpg 212w, https:\/\/mvknunningen.ch\/wp-content\/uploads\/2026\/03\/Jahreskonzert-2026-titelblatt-1-724x1024.jpg 724w, https:\/\/mvknunningen.ch\/wp-content\/uploads\/2026\/03\/Jahreskonzert-2026-titelblatt-1-768x1086.jpg 768w, https:\/\/mvknunningen.ch\/wp-content\/uploads\/2026\/03\/Jahreskonzert-2026-titelblatt-1-1086x1536.jpg 1086w, https:\/\/mvknunningen.ch\/wp-content\/uploads\/2026\/03\/Jahreskonzert-2026-titelblatt-1-1448x2048.jpg 1448w, https:\/\/mvknunningen.ch\/wp-content\/uploads\/2026\/03\/Jahreskonzert-2026-titelblatt-1-scaled.jpg 1810w\" sizes=\"auto, (max-width: 1568px) 100vw, 1568px\" \/><\/figure>\n\n<div class=\"wp-block-post-excerpt\"><p class=\"wp-block-post-excerpt__excerpt\"><\/p><p class=\"wp-block-post-excerpt__more-text\"><a class=\"wp-block-post-excerpt__more-link\" href=\"https:\/\/mvknunningen.ch\/?p=431\"><strong>Ganzen Beitrag lesen<\/strong><\/a><\/p><\/div>\n<\/li><li class=\"wp-block-post post-426 post type-post status-publish format-standard has-post-thumbnail hentry category-startseite entry\">\n<h2 class=\"wp-block-post-title\">Adventskonzert 2025<\/h2>\n\n<figure class=\"wp-block-post-featured-image\"><img loading=\"lazy\" decoding=\"async\" width=\"1568\" height=\"1124\" src=\"https:\/\/mvknunningen.ch\/wp-content\/uploads\/2025\/11\/Adventskonzert-2025-vorderseite-1568x1124.jpg\" class=\"attachment-post-thumbnail size-post-thumbnail wp-post-image\" alt=\"\" style=\"object-fit:cover;\" srcset=\"https:\/\/mvknunningen.ch\/wp-content\/uploads\/2025\/11\/Adventskonzert-2025-vorderseite-1568x1124.jpg 1568w, https:\/\/mvknunningen.ch\/wp-content\/uploads\/2025\/11\/Adventskonzert-2025-vorderseite-300x215.jpg 300w, https:\/\/mvknunningen.ch\/wp-content\/uploads\/2025\/11\/Adventskonzert-2025-vorderseite-1024x734.jpg 1024w, https:\/\/mvknunningen.ch\/wp-content\/uploads\/2025\/11\/Adventskonzert-2025-vorderseite-768x551.jpg 768w, https:\/\/mvknunningen.ch\/wp-content\/uploads\/2025\/11\/Adventskonzert-2025-vorderseite-1536x1102.jpg 1536w, https:\/\/mvknunningen.ch\/wp-content\/uploads\/2025\/11\/Adventskonzert-2025-vorderseite.jpg 1796w\" sizes=\"auto, (max-width: 1568px) 100vw, 1568px\" \/><\/figure>\n\n<div class=\"wp-block-post-excerpt\"><p class=\"wp-block-post-excerpt__excerpt\"><\/p><p class=\"wp-block-post-excerpt__more-text\"><a class=\"wp-block-post-excerpt__more-link\" href=\"https:\/\/mvknunningen.ch\/?p=426\"><strong>Ganzen Beitrag lesen<\/strong><\/a><\/p><\/div>\n<\/li><li class=\"wp-block-post post-421 post type-post status-publish format-standard hentry category-startseite entry\">\n<h2 class=\"wp-block-post-title\">St\u00e4ndeli im Roderis<\/h2>\n\n\n\n<div class=\"wp-block-post-excerpt\"><p class=\"wp-block-post-excerpt__excerpt\">Am Dienstag, 16. September spielte der Musikverein Konkordia Nunningen, erstmals unter der neuen Leitung von Patric Bader, ein St\u00e4ndeli im Roderis. So wehte von Anfang an ein frischer Wind und&hellip;<\/p><p class=\"wp-block-post-excerpt__more-text\"><a class=\"wp-block-post-excerpt__more-link\" href=\"https:\/\/mvknunningen.ch\/?p=421\"><strong>Ganzen Beitrag lesen<\/strong><\/a><\/p><\/div>\n<\/li><li class=\"wp-block-post post-408 post type-post status-publish format-standard has-post-thumbnail hentry category-startseite entry\">\n<h2 class=\"wp-block-post-title\">Musikreise 2025<\/h2>\n\n<figure class=\"wp-block-post-featured-image\"><img loading=\"lazy\" decoding=\"async\" width=\"943\" height=\"706\" src=\"https:\/\/mvknunningen.ch\/wp-content\/uploads\/2025\/09\/Unbenannt.png\" class=\"attachment-post-thumbnail size-post-thumbnail wp-post-image\" alt=\"\" style=\"object-fit:cover;\" srcset=\"https:\/\/mvknunningen.ch\/wp-content\/uploads\/2025\/09\/Unbenannt.png 943w, https:\/\/mvknunningen.ch\/wp-content\/uploads\/2025\/09\/Unbenannt-300x225.png 300w, https:\/\/mvknunningen.ch\/wp-content\/uploads\/2025\/09\/Unbenannt-768x575.png 768w\" sizes=\"auto, (max-width: 943px) 100vw, 943px\" \/><\/figure>\n\n<div class=\"wp-block-post-excerpt\"><p class=\"wp-block-post-excerpt__excerpt\">An der GV meldete sich unser F\u00e4hnrich Heinz H\u00e4nggi ganz spontan, als es darum ging, eine Musikreise zu organisieren. Mit einem kleinen Sch\u00f6ggeli wurde auch schon die Richtung verraten. Knapp&hellip;<\/p><p class=\"wp-block-post-excerpt__more-text\"><a class=\"wp-block-post-excerpt__more-link\" href=\"https:\/\/mvknunningen.ch\/?p=408\"><strong>Ganzen Beitrag lesen<\/strong><\/a><\/p><\/div>\n<\/li><li class=\"wp-block-post post-401 post type-post status-publish format-standard has-post-thumbnail hentry category-startseite entry\">\n<h2 class=\"wp-block-post-title\">St\u00e4ndeli im Dorf<\/h2>\n\n<figure class=\"wp-block-post-featured-image\"><img loading=\"lazy\" decoding=\"async\" width=\"1568\" height=\"2217\" src=\"https:\/\/mvknunningen.ch\/wp-content\/uploads\/2025\/09\/Staendeli-im-DOrf-1568x2217.jpg\" class=\"attachment-post-thumbnail size-post-thumbnail wp-post-image\" alt=\"\" style=\"object-fit:cover;\" srcset=\"https:\/\/mvknunningen.ch\/wp-content\/uploads\/2025\/09\/Staendeli-im-DOrf-1568x2217.jpg 1568w, https:\/\/mvknunningen.ch\/wp-content\/uploads\/2025\/09\/Staendeli-im-DOrf-212x300.jpg 212w, https:\/\/mvknunningen.ch\/wp-content\/uploads\/2025\/09\/Staendeli-im-DOrf-724x1024.jpg 724w, https:\/\/mvknunningen.ch\/wp-content\/uploads\/2025\/09\/Staendeli-im-DOrf-768x1086.jpg 768w, https:\/\/mvknunningen.ch\/wp-content\/uploads\/2025\/09\/Staendeli-im-DOrf-1086x1536.jpg 1086w, https:\/\/mvknunningen.ch\/wp-content\/uploads\/2025\/09\/Staendeli-im-DOrf-1448x2048.jpg 1448w, https:\/\/mvknunningen.ch\/wp-content\/uploads\/2025\/09\/Staendeli-im-DOrf-scaled.jpg 1811w\" sizes=\"auto, (max-width: 1568px) 100vw, 1568px\" \/><\/figure>\n\n<div class=\"wp-block-post-excerpt\"><p class=\"wp-block-post-excerpt__excerpt\"><\/p><p class=\"wp-block-post-excerpt__more-text\"><a class=\"wp-block-post-excerpt__more-link\" href=\"https:\/\/mvknunningen.ch\/?p=401\"><strong>Ganzen Beitrag lesen<\/strong><\/a><\/p><\/div>\n<\/li><li class=\"wp-block-post post-377 post type-post status-publish format-standard hentry category-startseite entry\">\n<h2 class=\"wp-block-post-title\">R\u00fcckblick 11. Musiktag Schwarzbubenland in Nunningen<\/h2>\n\n\n\n<div class=\"wp-block-post-excerpt\"><p class=\"wp-block-post-excerpt__excerpt\">Der 11. Musiktag Schwarzbubenland ist Geschichte. Was geblieben ist, sind viele Erinnerungen an schweisstreibende Momente. Genau zum Zeitpunkt des Festaufbaus erreichte uns ein Sommerhoch mit hohen Temperaturen. Das machte den&hellip;<\/p><p class=\"wp-block-post-excerpt__more-text\"><a class=\"wp-block-post-excerpt__more-link\" href=\"https:\/\/mvknunningen.ch\/?p=377\"><strong>Ganzen Beitrag lesen<\/strong><\/a><\/p><\/div>\n<\/li><li class=\"wp-block-post post-298 post type-post status-publish format-standard has-post-thumbnail hentry category-startseite entry\">\n<h2 class=\"wp-block-post-title\">Festf\u00fchrer Musiktage<\/h2>\n\n<figure class=\"wp-block-post-featured-image\"><img loading=\"lazy\" decoding=\"async\" width=\"605\" height=\"859\" src=\"https:\/\/mvknunningen.ch\/wp-content\/uploads\/2025\/05\/Festfuehrer-Musiktag-2025_Titelbild.png\" class=\"attachment-post-thumbnail size-post-thumbnail wp-post-image\" alt=\"\" style=\"object-fit:cover;\" srcset=\"https:\/\/mvknunningen.ch\/wp-content\/uploads\/2025\/05\/Festfuehrer-Musiktag-2025_Titelbild.png 605w, https:\/\/mvknunningen.ch\/wp-content\/uploads\/2025\/05\/Festfuehrer-Musiktag-2025_Titelbild-211x300.png 211w\" sizes=\"auto, (max-width: 605px) 100vw, 605px\" \/><\/figure>\n\n<div class=\"wp-block-post-excerpt\"><p class=\"wp-block-post-excerpt__excerpt\"><\/p><p class=\"wp-block-post-excerpt__more-text\"><a class=\"wp-block-post-excerpt__more-link\" href=\"https:\/\/mvknunningen.ch\/?p=298\"><strong>Ganzen Beitrag lesen<\/strong><\/a><\/p><\/div>\n<\/li><li class=\"wp-block-post post-49 post type-post status-publish format-standard hentry category-startseite entry\">\n<h2 class=\"wp-block-post-title\">Helfer gesucht<\/h2>\n\n\n\n<div class=\"wp-block-post-excerpt\"><p class=\"wp-block-post-excerpt__excerpt\">F\u00fcr unseren 11. Musiktag Schwarzbubenland am 13. + 14. Juni 2025 in Nunningen suchen wir Helfer! Wir w\u00fcrden uns \u00fcber Deine Anmeldung freuen.<\/p><p class=\"wp-block-post-excerpt__more-text\"><a class=\"wp-block-post-excerpt__more-link\" href=\"https:\/\/mvknunningen.ch\/?p=49\"><strong>Ganzen Beitrag lesen<\/strong><\/a><\/p><\/div>\n<\/li><li class=\"wp-block-post post-38 post type-post status-publish format-standard has-post-thumbnail hentry category-startseite entry\">\n<h2 class=\"wp-block-post-title\">11.Regionaler Musiktag Schwarzbubenland in Nunningen (SO)<\/h2>\n\n<figure class=\"wp-block-post-featured-image\"><img loading=\"lazy\" decoding=\"async\" width=\"1000\" height=\"423\" src=\"https:\/\/mvknunningen.ch\/wp-content\/uploads\/2025\/05\/Logo.jpg\" class=\"attachment-post-thumbnail size-post-thumbnail wp-post-image\" alt=\"\" style=\"object-fit:cover;\" srcset=\"https:\/\/mvknunningen.ch\/wp-content\/uploads\/2025\/05\/Logo.jpg 1000w, https:\/\/mvknunningen.ch\/wp-content\/uploads\/2025\/05\/Logo-300x127.jpg 300w, https:\/\/mvknunningen.ch\/wp-content\/uploads\/2025\/05\/Logo-768x325.jpg 768w\" sizes=\"auto, (max-width: 1000px) 100vw, 1000px\" \/><\/figure>\n\n<div class=\"wp-block-post-excerpt\"><p class=\"wp-block-post-excerpt__excerpt\">Am Samstag, 14.Juni 2025 findet in Nunningen der 11. Musiktag Schwarzbubenland statt.Er wird organisiert f\u00fcr die Musikvereine aus den Bezirken Dorneck und Thierstein.Es gibt zur Zeit noch freie Spielzeiten f\u00fcr&hellip;<\/p><p class=\"wp-block-post-excerpt__more-text\"><a class=\"wp-block-post-excerpt__more-link\" href=\"https:\/\/mvknunningen.ch\/?p=38\"><strong>Ganzen Beitrag lesen<\/strong><\/a><\/p><\/div>\n<\/li><\/ul>\n\n\n\n<\/div>\n","protected":false},"excerpt":{"rendered":"<p>Herzlich Willkommen auf der Homepage des Musikverein Konkordia Nunningen.In den verschiedenen Kategorien im Hauptmen\u00fc finden Sie zahlreiche wissenswerte Informationen \u00fcber unseren Verein. Falls sie mit uns Kontakt aufnehmen wollen, dann finden Sie\u00a0hier die n\u00f6tigen Informationen. Wir w\u00fcnschen Ihnen viel Vergn\u00fcgen beim surfen und w\u00fcrden uns freuen, Sie bei einem unserer Konzerte begr\u00fcssen zu d\u00fcrfen.<\/p>\n","protected":false},"author":1,"featured_media":0,"parent":0,"menu_order":0,"comment_status":"closed","ping_status":"closed","template":"","meta":{"footnotes":""},"class_list":["post-21","page","type-page","status-publish","hentry","entry"],"yoast_head":"<!-- This site is optimized with the Yoast SEO plugin v27.4 - https:\/\/yoast.com\/product\/yoast-seo-wordpress\/ -->\n<title>Startseite - MVK Nunningen<\/title>\n<meta name=\"robots\" content=\"index, follow, max-snippet:-1, max-image-preview:large, max-video-preview:-1\" \/>\n<link rel=\"canonical\" href=\"https:\/\/mvknunningen.ch\/\" \/>\n<meta property=\"og:locale\" content=\"de_DE\" \/>\n<meta property=\"og:type\" content=\"article\" \/>\n<meta property=\"og:title\" content=\"Startseite - MVK Nunningen\" \/>\n<meta property=\"og:description\" content=\"Herzlich Willkommen auf der Homepage des Musikverein Konkordia Nunningen.In den verschiedenen Kategorien im Hauptmen\u00fc finden Sie zahlreiche wissenswerte Informationen \u00fcber unseren Verein. Falls sie mit uns Kontakt aufnehmen wollen, dann finden Sie\u00a0hier die n\u00f6tigen Informationen. Wir w\u00fcnschen Ihnen viel Vergn\u00fcgen beim surfen und w\u00fcrden uns freuen, Sie bei einem unserer Konzerte begr\u00fcssen zu d\u00fcrfen.\" \/>\n<meta property=\"og:url\" content=\"https:\/\/mvknunningen.ch\/\" \/>\n<meta property=\"og:site_name\" content=\"MVK Nunningen\" \/>\n<meta property=\"article:publisher\" content=\"https:\/\/www.facebook.com\/mvknunningen\" \/>\n<meta property=\"article:modified_time\" content=\"2025-05-04T20:40:00+00:00\" \/>\n<meta property=\"og:image\" content=\"https:\/\/mvknunningen.ch\/wp-content\/uploads\/2025\/05\/Gruppenbild_1_2022-06-12-1024x431.jpg\" \/>\n<meta name=\"twitter:card\" content=\"summary_large_image\" \/>\n<meta name=\"twitter:label1\" content=\"Gesch\u00e4tzte Lesezeit\" \/>\n\t<meta name=\"twitter:data1\" content=\"1\u00a0Minute\" \/>\n<script type=\"application\/ld+json\" class=\"yoast-schema-graph\">{\"@context\":\"https:\\\/\\\/schema.org\",\"@graph\":[{\"@type\":\"WebPage\",\"@id\":\"https:\\\/\\\/mvknunningen.ch\\\/\",\"url\":\"https:\\\/\\\/mvknunningen.ch\\\/\",\"name\":\"Startseite - MVK Nunningen\",\"isPartOf\":{\"@id\":\"https:\\\/\\\/mvknunningen.ch\\\/#website\"},\"primaryImageOfPage\":{\"@id\":\"https:\\\/\\\/mvknunningen.ch\\\/#primaryimage\"},\"image\":{\"@id\":\"https:\\\/\\\/mvknunningen.ch\\\/#primaryimage\"},\"thumbnailUrl\":\"https:\\\/\\\/mvknunningen.ch\\\/wp-content\\\/uploads\\\/2025\\\/05\\\/Gruppenbild_1_2022-06-12-1024x431.jpg\",\"datePublished\":\"2025-05-04T18:42:07+00:00\",\"dateModified\":\"2025-05-04T20:40:00+00:00\",\"breadcrumb\":{\"@id\":\"https:\\\/\\\/mvknunningen.ch\\\/#breadcrumb\"},\"inLanguage\":\"de-CH\",\"potentialAction\":[{\"@type\":\"ReadAction\",\"target\":[\"https:\\\/\\\/mvknunningen.ch\\\/\"]}]},{\"@type\":\"ImageObject\",\"inLanguage\":\"de-CH\",\"@id\":\"https:\\\/\\\/mvknunningen.ch\\\/#primaryimage\",\"url\":\"https:\\\/\\\/mvknunningen.ch\\\/wp-content\\\/uploads\\\/2025\\\/05\\\/Gruppenbild_1_2022-06-12.jpg\",\"contentUrl\":\"https:\\\/\\\/mvknunningen.ch\\\/wp-content\\\/uploads\\\/2025\\\/05\\\/Gruppenbild_1_2022-06-12.jpg\",\"width\":1880,\"height\":791},{\"@type\":\"BreadcrumbList\",\"@id\":\"https:\\\/\\\/mvknunningen.ch\\\/#breadcrumb\",\"itemListElement\":[{\"@type\":\"ListItem\",\"position\":1,\"name\":\"Startseite\",\"item\":\"https:\\\/\\\/mvknunningen.ch\\\/\"},{\"@type\":\"ListItem\",\"position\":2,\"name\":\"Startseite\"}]},{\"@type\":\"WebSite\",\"@id\":\"https:\\\/\\\/mvknunningen.ch\\\/#website\",\"url\":\"https:\\\/\\\/mvknunningen.ch\\\/\",\"name\":\"MVK\",\"description\":\"\",\"publisher\":{\"@id\":\"https:\\\/\\\/mvknunningen.ch\\\/#organization\"},\"potentialAction\":[{\"@type\":\"SearchAction\",\"target\":{\"@type\":\"EntryPoint\",\"urlTemplate\":\"https:\\\/\\\/mvknunningen.ch\\\/?s={search_term_string}\"},\"query-input\":{\"@type\":\"PropertyValueSpecification\",\"valueRequired\":true,\"valueName\":\"search_term_string\"}}],\"inLanguage\":\"de-CH\"},{\"@type\":\"Organization\",\"@id\":\"https:\\\/\\\/mvknunningen.ch\\\/#organization\",\"name\":\"Musikverein Konkordia Nunningen\",\"url\":\"https:\\\/\\\/mvknunningen.ch\\\/\",\"logo\":{\"@type\":\"ImageObject\",\"inLanguage\":\"de-CH\",\"@id\":\"https:\\\/\\\/mvknunningen.ch\\\/#\\\/schema\\\/logo\\\/image\\\/\",\"url\":\"https:\\\/\\\/mvknunningen.ch\\\/wp-content\\\/uploads\\\/2025\\\/05\\\/cropped-Logo_MVKN.png\",\"contentUrl\":\"https:\\\/\\\/mvknunningen.ch\\\/wp-content\\\/uploads\\\/2025\\\/05\\\/cropped-Logo_MVKN.png\",\"width\":306,\"height\":80,\"caption\":\"Musikverein Konkordia Nunningen\"},\"image\":{\"@id\":\"https:\\\/\\\/mvknunningen.ch\\\/#\\\/schema\\\/logo\\\/image\\\/\"},\"sameAs\":[\"https:\\\/\\\/www.facebook.com\\\/mvknunningen\"]}]}<\/script>\n<!-- \/ Yoast SEO plugin. -->","yoast_head_json":{"title":"Startseite - MVK Nunningen","robots":{"index":"index","follow":"follow","max-snippet":"max-snippet:-1","max-image-preview":"max-image-preview:large","max-video-preview":"max-video-preview:-1"},"canonical":"https:\/\/mvknunningen.ch\/","og_locale":"de_DE","og_type":"article","og_title":"Startseite - MVK Nunningen","og_description":"Herzlich Willkommen auf der Homepage des Musikverein Konkordia Nunningen.In den verschiedenen Kategorien im Hauptmen\u00fc finden Sie zahlreiche wissenswerte Informationen \u00fcber unseren Verein. Falls sie mit uns Kontakt aufnehmen wollen, dann finden Sie\u00a0hier die n\u00f6tigen Informationen. Wir w\u00fcnschen Ihnen viel Vergn\u00fcgen beim surfen und w\u00fcrden uns freuen, Sie bei einem unserer Konzerte begr\u00fcssen zu d\u00fcrfen.","og_url":"https:\/\/mvknunningen.ch\/","og_site_name":"MVK Nunningen","article_publisher":"https:\/\/www.facebook.com\/mvknunningen","article_modified_time":"2025-05-04T20:40:00+00:00","og_image":[{"url":"https:\/\/mvknunningen.ch\/wp-content\/uploads\/2025\/05\/Gruppenbild_1_2022-06-12-1024x431.jpg","type":"","width":"","height":""}],"twitter_card":"summary_large_image","twitter_misc":{"Gesch\u00e4tzte Lesezeit":"1\u00a0Minute"},"schema":{"@context":"https:\/\/schema.org","@graph":[{"@type":"WebPage","@id":"https:\/\/mvknunningen.ch\/","url":"https:\/\/mvknunningen.ch\/","name":"Startseite - MVK Nunningen","isPartOf":{"@id":"https:\/\/mvknunningen.ch\/#website"},"primaryImageOfPage":{"@id":"https:\/\/mvknunningen.ch\/#primaryimage"},"image":{"@id":"https:\/\/mvknunningen.ch\/#primaryimage"},"thumbnailUrl":"https:\/\/mvknunningen.ch\/wp-content\/uploads\/2025\/05\/Gruppenbild_1_2022-06-12-1024x431.jpg","datePublished":"2025-05-04T18:42:07+00:00","dateModified":"2025-05-04T20:40:00+00:00","breadcrumb":{"@id":"https:\/\/mvknunningen.ch\/#breadcrumb"},"inLanguage":"de-CH","potentialAction":[{"@type":"ReadAction","target":["https:\/\/mvknunningen.ch\/"]}]},{"@type":"ImageObject","inLanguage":"de-CH","@id":"https:\/\/mvknunningen.ch\/#primaryimage","url":"https:\/\/mvknunningen.ch\/wp-content\/uploads\/2025\/05\/Gruppenbild_1_2022-06-12.jpg","contentUrl":"https:\/\/mvknunningen.ch\/wp-content\/uploads\/2025\/05\/Gruppenbild_1_2022-06-12.jpg","width":1880,"height":791},{"@type":"BreadcrumbList","@id":"https:\/\/mvknunningen.ch\/#breadcrumb","itemListElement":[{"@type":"ListItem","position":1,"name":"Startseite","item":"https:\/\/mvknunningen.ch\/"},{"@type":"ListItem","position":2,"name":"Startseite"}]},{"@type":"WebSite","@id":"https:\/\/mvknunningen.ch\/#website","url":"https:\/\/mvknunningen.ch\/","name":"MVK","description":"","publisher":{"@id":"https:\/\/mvknunningen.ch\/#organization"},"potentialAction":[{"@type":"SearchAction","target":{"@type":"EntryPoint","urlTemplate":"https:\/\/mvknunningen.ch\/?s={search_term_string}"},"query-input":{"@type":"PropertyValueSpecification","valueRequired":true,"valueName":"search_term_string"}}],"inLanguage":"de-CH"},{"@type":"Organization","@id":"https:\/\/mvknunningen.ch\/#organization","name":"Musikverein Konkordia Nunningen","url":"https:\/\/mvknunningen.ch\/","logo":{"@type":"ImageObject","inLanguage":"de-CH","@id":"https:\/\/mvknunningen.ch\/#\/schema\/logo\/image\/","url":"https:\/\/mvknunningen.ch\/wp-content\/uploads\/2025\/05\/cropped-Logo_MVKN.png","contentUrl":"https:\/\/mvknunningen.ch\/wp-content\/uploads\/2025\/05\/cropped-Logo_MVKN.png","width":306,"height":80,"caption":"Musikverein Konkordia Nunningen"},"image":{"@id":"https:\/\/mvknunningen.ch\/#\/schema\/logo\/image\/"},"sameAs":["https:\/\/www.facebook.com\/mvknunningen"]}]}},"jetpack_sharing_enabled":true,"_links":{"self":[{"href":"https:\/\/mvknunningen.ch\/index.php?rest_route=\/wp\/v2\/pages\/21","targetHints":{"allow":["GET"]}}],"collection":[{"href":"https:\/\/mvknunningen.ch\/index.php?rest_route=\/wp\/v2\/pages"}],"about":[{"href":"https:\/\/mvknunningen.ch\/index.php?rest_route=\/wp\/v2\/types\/page"}],"author":[{"embeddable":true,"href":"https:\/\/mvknunningen.ch\/index.php?rest_route=\/wp\/v2\/users\/1"}],"replies":[{"embeddable":true,"href":"https:\/\/mvknunningen.ch\/index.php?rest_route=%2Fwp%2Fv2%2Fcomments&post=21"}],"version-history":[{"count":8,"href":"https:\/\/mvknunningen.ch\/index.php?rest_route=\/wp\/v2\/pages\/21\/revisions"}],"predecessor-version":[{"id":183,"href":"https:\/\/mvknunningen.ch\/index.php?rest_route=\/wp\/v2\/pages\/21\/revisions\/183"}],"wp:attachment":[{"href":"https:\/\/mvknunningen.ch\/index.php?rest_route=%2Fwp%2Fv2%2Fmedia&parent=21"}],"curies":[{"name":"wp","href":"https:\/\/api.w.org\/{rel}","templated":true}]}}